{"id":31,"date":"2016-07-01T21:25:42","date_gmt":"2016-07-01T21:25:42","guid":{"rendered":"http:\/\/hal.arq.br\/intro\/?page_id=31"},"modified":"2016-07-05T21:48:48","modified_gmt":"2016-07-05T21:48:48","slug":"introducao","status":"publish","type":"page","link":"https:\/\/hal.arq.br\/intro\/introducao\/","title":{"rendered":"Publica\u00e7\u00f5es"},"content":{"rendered":"<div id=\"dslc-content\" class=\"dslc-content dslc-clearfix\"><div id=\"dslc-main\">\r\n\t\t\t<div  class=\"dslc-modules-section \" style=\"\" data-section-id=\"\">\r\n\t\t\t\t\r\n\t\t\t\t\r\n\t\t\t\t<div class=\"dslc-modules-section-wrapper dslc-clearfix\"> <div  class=\"dslc-modules-area dslc-col dslc-6-col dslc-first-col\" data-size=\"6\" data-valign=\"\" data-modules-area-id=\"\" ><style type=\"text\/css\" id=\"dslca-modules-area-\"><\/style>\r\n\t\t<div id=\"dslc-module-76\" class=\"dslc-module-front dslc-module-DSLC_Image dslc-in-viewport-check dslc-in-viewport-anim-none  dslc-col dslc-12-col  dslc-module-handle-like-regular \" data-module-id=\"76\" data-module=\"DSLC_Image\" data-dslc-module-size=\"12\" data-dslc-anim=\"none\" data-dslc-anim-delay=\"0\" data-dslc-anim-duration=\"650\"  data-dslc-anim-easing=\"ease\" data-dslc-preset=\"none\" >\r\n\r\n\t\t\t\r\n\t\t\t\r\n\t\t\t\t<div class=\"dslc-image-container\">\r\n\t\t<div class=\"dslc-image\">\r\n\r\n\t\t\t\r\n\t\t\t\t\r\n\t\t\t\t\t\t\t\t\t<img src=\"https:\/\/hal.arq.br\/intro\/wp-content\/uploads\/2016\/07\/Publica\u00e7\u00f5es0006-1.jpg\" alt=\"\" title=\"\" srcset=\"https:\/\/hal.arq.br\/intro\/wp-content\/uploads\/2016\/07\/Publica\u00e7\u00f5es0006-1.jpg 801w, https:\/\/hal.arq.br\/intro\/wp-content\/uploads\/2016\/07\/Publica\u00e7\u00f5es0006-1-237x300.jpg 237w, https:\/\/hal.arq.br\/intro\/wp-content\/uploads\/2016\/07\/Publica\u00e7\u00f5es0006-1-768x974.jpg 768w\" sizes=\"(max-width: 801px) 100vw, 801px\" \/>\r\n\t\t\t\t\r\n\t\t\t\t\t\t\t\t\t<\/div><!-- .dslc-image -->\r\n\t\t<\/div>\r\n\t\t\r\n\t\t\t\t<\/div><!-- .dslc-module -->\r\n\t\t<\/div> <div  class=\"dslc-modules-area dslc-col dslc-6-col dslc-last-col\" data-size=\"6\" data-valign=\"\" data-modules-area-id=\"\" ><style type=\"text\/css\" id=\"dslca-modules-area-\"><\/style>\r\n\t\t<div id=\"dslc-module-77\" class=\"dslc-module-front dslc-module-DSLC_Text_Simple dslc-in-viewport-check dslc-in-viewport-anim-none  dslc-col dslc-12-col  dslc-module-handle-like-regular \" data-module-id=\"77\" data-module=\"DSLC_Text_Simple\" data-dslc-module-size=\"12\" data-dslc-anim=\"none\" data-dslc-anim-delay=\"0\" data-dslc-anim-duration=\"650\"  data-dslc-anim-easing=\"ease\" data-dslc-preset=\"none\" >\r\n\r\n\t\t\t\r\n\t\t\t\r\n\t\t\n\t\t<div class=\"dslc-text-module-content\">\n\t\t\t<p><strong>AU n\u00ba 187<\/strong><br> outubro&nbsp;2009<\/p><p><strong>Pra\u00e7a Lageado<\/strong><br> S\u00e3o Paulo, SP<br> <img class=\"alignnone wp-image-230\" src=\"http:\/\/hal.arq.br\/intro\/wp-content\/uploads\/2016\/07\/lajeado-5-300x240.jpg\" alt=\"lajeado (5)\" width=\"150\" height=\"120\"><\/p>\t\t<\/div>\n\n\t\t\r\n\t\t\t\t<\/div><!-- .dslc-module -->\r\n\t\t<\/div> <div  class=\"dslc-modules-area dslc-col dslc-6-col dslc-first-col\" data-size=\"6\" data-valign=\"\" data-modules-area-id=\"\" ><style type=\"text\/css\" id=\"dslca-modules-area-\"><\/style>\r\n\t\t<div id=\"dslc-module-31\" class=\"dslc-module-front dslc-module-DSLC_Image dslc-in-viewport-check dslc-in-viewport-anim-none  dslc-col dslc-12-col  dslc-module-handle-like-regular \" data-module-id=\"31\" data-module=\"DSLC_Image\" data-dslc-module-size=\"12\" data-dslc-anim=\"none\" data-dslc-anim-delay=\"0\" data-dslc-anim-duration=\"650\"  data-dslc-anim-easing=\"ease\" data-dslc-preset=\"none\" >\r\n\r\n\t\t\t\r\n\t\t\t\r\n\t\t\t\t<div class=\"dslc-image-container\">\r\n\t\t<div class=\"dslc-image\">\r\n\r\n\t\t\t\r\n\t\t\t\t\r\n\t\t\t\t\t\t\t\t\t<img src=\"https:\/\/hal.arq.br\/intro\/wp-content\/uploads\/2016\/07\/Publica\u00e7\u00f5es0001-1.jpg\" alt=\"\" title=\"\" srcset=\"https:\/\/hal.arq.br\/intro\/wp-content\/uploads\/2016\/07\/Publica\u00e7\u00f5es0001-1.jpg 805w, https:\/\/hal.arq.br\/intro\/wp-content\/uploads\/2016\/07\/Publica\u00e7\u00f5es0001-1-229x300.jpg 229w, https:\/\/hal.arq.br\/intro\/wp-content\/uploads\/2016\/07\/Publica\u00e7\u00f5es0001-1-768x1007.jpg 768w, https:\/\/hal.arq.br\/intro\/wp-content\/uploads\/2016\/07\/Publica\u00e7\u00f5es0001-1-781x1024.jpg 781w\" sizes=\"(max-width: 805px) 100vw, 805px\" \/>\r\n\t\t\t\t\r\n\t\t\t\t\t\t\t\t\t<\/div><!-- .dslc-image -->\r\n\t\t<\/div>\r\n\t\t\r\n\t\t\t\t<\/div><!-- .dslc-module -->\r\n\t\t<\/div> <div  class=\"dslc-modules-area dslc-col dslc-6-col dslc-last-col\" data-size=\"6\" data-valign=\"\" data-modules-area-id=\"\" ><style type=\"text\/css\" id=\"dslca-modules-area-\"><\/style>\r\n\t\t<div id=\"dslc-module-55\" class=\"dslc-module-front dslc-module-DSLC_Text_Simple dslc-in-viewport-check dslc-in-viewport-anim-none  dslc-col dslc-12-col  dslc-module-handle-like-regular \" data-module-id=\"55\" data-module=\"DSLC_Text_Simple\" data-dslc-module-size=\"12\" data-dslc-anim=\"none\" data-dslc-anim-delay=\"0\" data-dslc-anim-duration=\"650\"  data-dslc-anim-easing=\"ease\" data-dslc-preset=\"none\" >\r\n\r\n\t\t\t\r\n\t\t\t\r\n\t\t\n\t\t<div class=\"dslc-text-module-content\">\n\t\t\t<p><strong>Revista Projeto n\u00ba 353<\/strong><br> julho 2009<\/p><p><strong>Edif\u00edcio Santa Adelaide<\/strong><br> S\u00e3o Bernardo, SP<br> <img class=\"alignnone wp-image-210\" src=\"http:\/\/hal.arq.br\/intro\/wp-content\/uploads\/2016\/07\/ade_02-267x300.jpg\" alt=\"ade_02\" width=\"134\" height=\"150\"><\/p>\t\t<\/div>\n\n\t\t\r\n\t\t\t\t<\/div><!-- .dslc-module -->\r\n\t\t<\/div> <div  class=\"dslc-modules-area dslc-col dslc-6-col dslc-first-col\" data-size=\"6\" data-valign=\"\" data-modules-area-id=\"\" ><style type=\"text\/css\" id=\"dslca-modules-area-\"><\/style>\r\n\t\t<div id=\"dslc-module-59\" class=\"dslc-module-front dslc-module-DSLC_Image dslc-in-viewport-check dslc-in-viewport-anim-none  dslc-col dslc-12-col  dslc-module-handle-like-regular \" data-module-id=\"59\" data-module=\"DSLC_Image\" data-dslc-module-size=\"12\" data-dslc-anim=\"none\" data-dslc-anim-delay=\"0\" data-dslc-anim-duration=\"650\"  data-dslc-anim-easing=\"ease\" data-dslc-preset=\"none\" >\r\n\r\n\t\t\t\r\n\t\t\t\r\n\t\t\t\t<div class=\"dslc-image-container\">\r\n\t\t<div class=\"dslc-image\">\r\n\r\n\t\t\t\r\n\t\t\t\t\r\n\t\t\t\t\t\t\t\t\t<img src=\"https:\/\/hal.arq.br\/intro\/wp-content\/uploads\/2016\/07\/rev02-novo-1.jpg\" alt=\"\" title=\"\" srcset=\"https:\/\/hal.arq.br\/intro\/wp-content\/uploads\/2016\/07\/rev02-novo-1.jpg 1664w, https:\/\/hal.arq.br\/intro\/wp-content\/uploads\/2016\/07\/rev02-novo-1-229x300.jpg 229w, https:\/\/hal.arq.br\/intro\/wp-content\/uploads\/2016\/07\/rev02-novo-1-768x1004.jpg 768w, https:\/\/hal.arq.br\/intro\/wp-content\/uploads\/2016\/07\/rev02-novo-1-783x1024.jpg 783w\" sizes=\"(max-width: 1664px) 100vw, 1664px\" \/>\r\n\t\t\t\t\r\n\t\t\t\t\t\t\t\t\t<\/div><!-- .dslc-image -->\r\n\t\t<\/div>\r\n\t\t\r\n\t\t\t\t<\/div><!-- .dslc-module -->\r\n\t\t<\/div> <div  class=\"dslc-modules-area dslc-col dslc-6-col dslc-last-col\" data-size=\"6\" data-valign=\"\" data-modules-area-id=\"\" ><style type=\"text\/css\" id=\"dslca-modules-area-\"><\/style>\r\n\t\t<div id=\"dslc-module-60\" class=\"dslc-module-front dslc-module-DSLC_Text_Simple dslc-in-viewport-check dslc-in-viewport-anim-none  dslc-col dslc-12-col  dslc-module-handle-like-regular \" data-module-id=\"60\" data-module=\"DSLC_Text_Simple\" data-dslc-module-size=\"12\" data-dslc-anim=\"none\" data-dslc-anim-delay=\"0\" data-dslc-anim-duration=\"650\"  data-dslc-anim-easing=\"ease\" data-dslc-preset=\"none\" >\r\n\r\n\t\t\t\r\n\t\t\t\r\n\t\t\n\t\t<div class=\"dslc-text-module-content\">\n\t\t\t<p><strong>Revista Projeto n\u00ba 348<\/strong><br> fevereiro&nbsp;2009<\/p><p><strong>Escola Santa Em\u00edlia<\/strong><br> Guarulhos, SP<br> <img class=\"alignnone wp-image-212\" src=\"http:\/\/hal.arq.br\/intro\/wp-content\/uploads\/2016\/07\/EXTERNA-PRINCIPAL-300x200.jpg\" alt=\"EXTERNA-PRINCIPAL\" width=\"150\" height=\"100\"><\/p>\t\t<\/div>\n\n\t\t\r\n\t\t\t\t<\/div><!-- .dslc-module -->\r\n\t\t<\/div> <div  class=\"dslc-modules-area dslc-col dslc-6-col dslc-first-col\" data-size=\"6\" data-valign=\"\" data-modules-area-id=\"\" ><style type=\"text\/css\" id=\"dslca-modules-area-\"><\/style>\r\n\t\t<div id=\"dslc-module-67\" class=\"dslc-module-front dslc-module-DSLC_Image dslc-in-viewport-check dslc-in-viewport-anim-none  dslc-col dslc-12-col  dslc-module-handle-like-regular \" data-module-id=\"67\" data-module=\"DSLC_Image\" data-dslc-module-size=\"12\" data-dslc-anim=\"none\" data-dslc-anim-delay=\"0\" data-dslc-anim-duration=\"650\"  data-dslc-anim-easing=\"ease\" data-dslc-preset=\"none\" >\r\n\r\n\t\t\t\r\n\t\t\t\r\n\t\t\t\t<div class=\"dslc-image-container\">\r\n\t\t<div class=\"dslc-image\">\r\n\r\n\t\t\t\r\n\t\t\t\t\r\n\t\t\t\t\t\t\t\t\t<img src=\"https:\/\/hal.arq.br\/intro\/wp-content\/uploads\/2016\/07\/rev01-1.jpg\" alt=\"\" title=\"\" srcset=\"https:\/\/hal.arq.br\/intro\/wp-content\/uploads\/2016\/07\/rev01-1.jpg 1664w, https:\/\/hal.arq.br\/intro\/wp-content\/uploads\/2016\/07\/rev01-1-214x300.jpg 214w, https:\/\/hal.arq.br\/intro\/wp-content\/uploads\/2016\/07\/rev01-1-768x1078.jpg 768w, https:\/\/hal.arq.br\/intro\/wp-content\/uploads\/2016\/07\/rev01-1-729x1024.jpg 729w\" sizes=\"(max-width: 1664px) 100vw, 1664px\" \/>\r\n\t\t\t\t\r\n\t\t\t\t\t\t\t\t\t<\/div><!-- .dslc-image -->\r\n\t\t<\/div>\r\n\t\t\r\n\t\t\t\t<\/div><!-- .dslc-module -->\r\n\t\t<\/div> <div  class=\"dslc-modules-area dslc-col dslc-6-col dslc-last-col\" data-size=\"6\" data-valign=\"\" data-modules-area-id=\"\" ><style type=\"text\/css\" id=\"dslca-modules-area-\"><\/style>\r\n\t\t<div id=\"dslc-module-66\" class=\"dslc-module-front dslc-module-DSLC_Text_Simple dslc-in-viewport-check dslc-in-viewport-anim-none  dslc-col dslc-12-col  dslc-module-handle-like-regular \" data-module-id=\"66\" data-module=\"DSLC_Text_Simple\" data-dslc-module-size=\"12\" data-dslc-anim=\"none\" data-dslc-anim-delay=\"0\" data-dslc-anim-duration=\"650\"  data-dslc-anim-easing=\"ease\" data-dslc-preset=\"none\" >\r\n\r\n\t\t\t\r\n\t\t\t\r\n\t\t\n\t\t<div class=\"dslc-text-module-content\">\n\t\t\t<p><strong>Boletim IAB&nbsp;n\u00ba&nbsp;64<\/strong><br> fev\/mar&nbsp;2009<\/p><p><strong>Escola Santa Em\u00edlia<\/strong><br> Guarulhos, SP<br> <img class=\"alignnone wp-image-212\" src=\"http:\/\/hal.arq.br\/intro\/wp-content\/uploads\/2016\/07\/EXTERNA-PRINCIPAL-300x200.jpg\" alt=\"EXTERNA-PRINCIPAL\" width=\"150\" height=\"100\"><\/p>\t\t<\/div>\n\n\t\t\r\n\t\t\t\t<\/div><!-- .dslc-module -->\r\n\t\t<\/div> <div  class=\"dslc-modules-area dslc-col dslc-6-col dslc-first-col\" data-size=\"6\" data-valign=\"\" data-modules-area-id=\"\" ><style type=\"text\/css\" id=\"dslca-modules-area-\"><\/style>\r\n\t\t<div id=\"dslc-module-73\" class=\"dslc-module-front dslc-module-DSLC_Image dslc-in-viewport-check dslc-in-viewport-anim-none  dslc-col dslc-12-col  dslc-module-handle-like-regular \" data-module-id=\"73\" data-module=\"DSLC_Image\" data-dslc-module-size=\"12\" data-dslc-anim=\"none\" data-dslc-anim-delay=\"0\" data-dslc-anim-duration=\"650\"  data-dslc-anim-easing=\"ease\" data-dslc-preset=\"none\" >\r\n\r\n\t\t\t\r\n\t\t\t\r\n\t\t\t\t<div class=\"dslc-image-container\">\r\n\t\t<div class=\"dslc-image\">\r\n\r\n\t\t\t\r\n\t\t\t\t\r\n\t\t\t\t\t\t\t\t\t<img src=\"https:\/\/hal.arq.br\/intro\/wp-content\/uploads\/2016\/07\/publica\u00e7\u00f5es0049-2.jpg\" alt=\"\" title=\"\" srcset=\"https:\/\/hal.arq.br\/intro\/wp-content\/uploads\/2016\/07\/publica\u00e7\u00f5es0049-2.jpg 824w, https:\/\/hal.arq.br\/intro\/wp-content\/uploads\/2016\/07\/publica\u00e7\u00f5es0049-2-219x300.jpg 219w, https:\/\/hal.arq.br\/intro\/wp-content\/uploads\/2016\/07\/publica\u00e7\u00f5es0049-2-768x1051.jpg 768w, https:\/\/hal.arq.br\/intro\/wp-content\/uploads\/2016\/07\/publica\u00e7\u00f5es0049-2-748x1024.jpg 748w\" sizes=\"(max-width: 824px) 100vw, 824px\" \/>\r\n\t\t\t\t\r\n\t\t\t\t\t\t\t\t\t<\/div><!-- .dslc-image -->\r\n\t\t<\/div>\r\n\t\t\r\n\t\t\t\t<\/div><!-- .dslc-module -->\r\n\t\t<\/div> <div  class=\"dslc-modules-area dslc-col dslc-6-col dslc-last-col\" data-size=\"6\" data-valign=\"\" data-modules-area-id=\"\" ><style type=\"text\/css\" id=\"dslca-modules-area-\"><\/style>\r\n\t\t<div id=\"dslc-module-75\" class=\"dslc-module-front dslc-module-DSLC_Text_Simple dslc-in-viewport-check dslc-in-viewport-anim-none  dslc-col dslc-12-col  dslc-module-handle-like-regular \" data-module-id=\"75\" data-module=\"DSLC_Text_Simple\" data-dslc-module-size=\"12\" data-dslc-anim=\"none\" data-dslc-anim-delay=\"0\" data-dslc-anim-duration=\"650\"  data-dslc-anim-easing=\"ease\" data-dslc-preset=\"none\" >\r\n\r\n\t\t\t\r\n\t\t\t\r\n\t\t\n\t\t<div class=\"dslc-text-module-content\">\n\t\t\t<p><strong>Arch +&nbsp;n\u00ba 190<\/strong><br> dezembro&nbsp;2008<\/p><p><strong>Edif\u00edcio Santa Adelaide<\/strong><br> S\u00e3o Bernardo, SP<br> <img class=\"alignnone wp-image-210\" src=\"http:\/\/hal.arq.br\/intro\/wp-content\/uploads\/2016\/07\/ade_02-267x300.jpg\" alt=\"ade_02\" width=\"134\" height=\"150\"><\/p>\t\t<\/div>\n\n\t\t\r\n\t\t\t\t<\/div><!-- .dslc-module -->\r\n\t\t<\/div> <div  class=\"dslc-modules-area dslc-col dslc-6-col dslc-first-col\" data-size=\"6\" data-valign=\"\" data-modules-area-id=\"\" ><style type=\"text\/css\" id=\"dslca-modules-area-\"><\/style>\r\n\t\t<div id=\"dslc-module-95\" class=\"dslc-module-front dslc-module-DSLC_Image dslc-in-viewport-check dslc-in-viewport-anim-none  dslc-col dslc-12-col  dslc-module-handle-like-regular \" data-module-id=\"95\" data-module=\"DSLC_Image\" data-dslc-module-size=\"12\" data-dslc-anim=\"none\" data-dslc-anim-delay=\"0\" data-dslc-anim-duration=\"650\"  data-dslc-anim-easing=\"ease\" data-dslc-preset=\"none\" >\r\n\r\n\t\t\t\r\n\t\t\t\r\n\t\t\t\t<div class=\"dslc-image-container\">\r\n\t\t<div class=\"dslc-image\">\r\n\r\n\t\t\t\r\n\t\t\t\t\r\n\t\t\t\t\t\t\t\t\t<img src=\"https:\/\/hal.arq.br\/intro\/wp-content\/uploads\/2016\/07\/publica\u00e7\u00f5es0035-1.jpg\" alt=\"\" title=\"\" srcset=\"https:\/\/hal.arq.br\/intro\/wp-content\/uploads\/2016\/07\/publica\u00e7\u00f5es0035-1.jpg 751w, https:\/\/hal.arq.br\/intro\/wp-content\/uploads\/2016\/07\/publica\u00e7\u00f5es0035-1-225x300.jpg 225w\" sizes=\"(max-width: 751px) 100vw, 751px\" \/>\r\n\t\t\t\t\r\n\t\t\t\t\t\t\t\t\t<\/div><!-- .dslc-image -->\r\n\t\t<\/div>\r\n\t\t\r\n\t\t\t\t<\/div><!-- .dslc-module -->\r\n\t\t<\/div> <div  class=\"dslc-modules-area dslc-col dslc-6-col dslc-last-col\" data-size=\"6\" data-valign=\"\" data-modules-area-id=\"\" ><style type=\"text\/css\" id=\"dslca-modules-area-\"><\/style>\r\n\t\t<div id=\"dslc-module-97\" class=\"dslc-module-front dslc-module-DSLC_Text_Simple dslc-in-viewport-check dslc-in-viewport-anim-none  dslc-col dslc-12-col  dslc-module-handle-like-regular \" data-module-id=\"97\" data-module=\"DSLC_Text_Simple\" data-dslc-module-size=\"12\" data-dslc-anim=\"none\" data-dslc-anim-delay=\"0\" data-dslc-anim-duration=\"650\"  data-dslc-anim-easing=\"ease\" data-dslc-preset=\"none\" >\r\n\r\n\t\t\t\r\n\t\t\t\r\n\t\t\n\t\t<div class=\"dslc-text-module-content\">\n\t\t\t<p><strong>Revista Morar<\/strong><br> agosto&nbsp;2007<\/p><p><strong>Edif\u00edcio Santa Adelaide<\/strong><br> S\u00e3o Bernardo, SP<br> <img class=\"alignnone wp-image-210\" src=\"http:\/\/hal.arq.br\/intro\/wp-content\/uploads\/2016\/07\/ade_02-267x300.jpg\" alt=\"ade_02\" width=\"134\" height=\"150\"><\/p>\t\t<\/div>\n\n\t\t\r\n\t\t\t\t<\/div><!-- .dslc-module -->\r\n\t\t<\/div> <div  class=\"dslc-modules-area dslc-col dslc-6-col dslc-first-col\" data-size=\"6\" data-valign=\"\" data-modules-area-id=\"\" ><style type=\"text\/css\" id=\"dslca-modules-area-\"><\/style>\r\n\t\t<div id=\"dslc-module-98\" class=\"dslc-module-front dslc-module-DSLC_Image dslc-in-viewport-check dslc-in-viewport-anim-none  dslc-col dslc-12-col  dslc-module-handle-like-regular \" data-module-id=\"98\" data-module=\"DSLC_Image\" data-dslc-module-size=\"12\" data-dslc-anim=\"none\" data-dslc-anim-delay=\"0\" data-dslc-anim-duration=\"650\"  data-dslc-anim-easing=\"ease\" data-dslc-preset=\"none\" >\r\n\r\n\t\t\t\r\n\t\t\t\r\n\t\t\t\t<div class=\"dslc-image-container\">\r\n\t\t<div class=\"dslc-image\">\r\n\r\n\t\t\t\r\n\t\t\t\t\r\n\t\t\t\t\t\t\t\t\t<img src=\"https:\/\/hal.arq.br\/intro\/wp-content\/uploads\/2016\/07\/publica\u00e7\u00f5es0042-1.jpg\" alt=\"\" title=\"\" srcset=\"https:\/\/hal.arq.br\/intro\/wp-content\/uploads\/2016\/07\/publica\u00e7\u00f5es0042-1.jpg 792w, https:\/\/hal.arq.br\/intro\/wp-content\/uploads\/2016\/07\/publica\u00e7\u00f5es0042-1-211x300.jpg 211w, https:\/\/hal.arq.br\/intro\/wp-content\/uploads\/2016\/07\/publica\u00e7\u00f5es0042-1-768x1090.jpg 768w, https:\/\/hal.arq.br\/intro\/wp-content\/uploads\/2016\/07\/publica\u00e7\u00f5es0042-1-722x1024.jpg 722w\" sizes=\"(max-width: 792px) 100vw, 792px\" \/>\r\n\t\t\t\t\r\n\t\t\t\t\t\t\t\t\t<\/div><!-- .dslc-image -->\r\n\t\t<\/div>\r\n\t\t\r\n\t\t\t\t<\/div><!-- .dslc-module -->\r\n\t\t<\/div> <div  class=\"dslc-modules-area dslc-col dslc-6-col dslc-last-col\" data-size=\"6\" data-valign=\"\" data-modules-area-id=\"\" ><style type=\"text\/css\" id=\"dslca-modules-area-\"><\/style>\r\n\t\t<div id=\"dslc-module-99\" class=\"dslc-module-front dslc-module-DSLC_Text_Simple dslc-in-viewport-check dslc-in-viewport-anim-none  dslc-col dslc-12-col  dslc-module-handle-like-regular \" data-module-id=\"99\" data-module=\"DSLC_Text_Simple\" data-dslc-module-size=\"12\" data-dslc-anim=\"none\" data-dslc-anim-delay=\"0\" data-dslc-anim-duration=\"650\"  data-dslc-anim-easing=\"ease\" data-dslc-preset=\"none\" >\r\n\r\n\t\t\t\r\n\t\t\t\r\n\t\t\n\t\t<div class=\"dslc-text-module-content\">\n\t\t\t<p><strong>Boletim IAB&nbsp;n\u00ba&nbsp;59<\/strong><br> jul-set&nbsp;2007<\/p><p><strong>Edif\u00edcio Santa Adelaide<\/strong><br> S\u00e3o Bernardo, SP<br> <img class=\"alignnone wp-image-210\" src=\"http:\/\/hal.arq.br\/intro\/wp-content\/uploads\/2016\/07\/ade_02-267x300.jpg\" alt=\"ade_02\" width=\"134\" height=\"150\"><\/p>\t\t<\/div>\n\n\t\t\r\n\t\t\t\t<\/div><!-- .dslc-module -->\r\n\t\t<\/div> <div  class=\"dslc-modules-area dslc-col dslc-6-col dslc-first-col\" data-size=\"6\" data-valign=\"\" data-modules-area-id=\"\" ><style type=\"text\/css\" id=\"dslca-modules-area-\"><\/style>\r\n\t\t<div id=\"dslc-module-63\" class=\"dslc-module-front dslc-module-DSLC_Image dslc-in-viewport-check dslc-in-viewport-anim-none  dslc-col dslc-12-col  dslc-module-handle-like-regular \" data-module-id=\"63\" data-module=\"DSLC_Image\" data-dslc-module-size=\"12\" data-dslc-anim=\"none\" data-dslc-anim-delay=\"0\" data-dslc-anim-duration=\"650\"  data-dslc-anim-easing=\"ease\" data-dslc-preset=\"none\" >\r\n\r\n\t\t\t\r\n\t\t\t\r\n\t\t\t\t<div class=\"dslc-image-container\">\r\n\t\t<div class=\"dslc-image\">\r\n\r\n\t\t\t\r\n\t\t\t\t\r\n\t\t\t\t\t\t\t\t\t<img src=\"https:\/\/hal.arq.br\/intro\/wp-content\/uploads\/2016\/07\/publica\u00e7\u00f5es0018.jpg\" alt=\"\" title=\"\" srcset=\"https:\/\/hal.arq.br\/intro\/wp-content\/uploads\/2016\/07\/publica\u00e7\u00f5es0018.jpg 2503w, https:\/\/hal.arq.br\/intro\/wp-content\/uploads\/2016\/07\/publica\u00e7\u00f5es0018-230x300.jpg 230w, https:\/\/hal.arq.br\/intro\/wp-content\/uploads\/2016\/07\/publica\u00e7\u00f5es0018-768x1004.jpg 768w, https:\/\/hal.arq.br\/intro\/wp-content\/uploads\/2016\/07\/publica\u00e7\u00f5es0018-784x1024.jpg 784w\" sizes=\"(max-width: 2503px) 100vw, 2503px\" \/>\r\n\t\t\t\t\r\n\t\t\t\t\t\t\t\t\t<\/div><!-- .dslc-image -->\r\n\t\t<\/div>\r\n\t\t\r\n\t\t\t\t<\/div><!-- .dslc-module -->\r\n\t\t<\/div> <div  class=\"dslc-modules-area dslc-col dslc-6-col dslc-last-col\" data-size=\"6\" data-valign=\"\" data-modules-area-id=\"\" ><style type=\"text\/css\" id=\"dslca-modules-area-\"><\/style>\r\n\t\t<div id=\"dslc-module-64\" class=\"dslc-module-front dslc-module-DSLC_Text_Simple dslc-in-viewport-check dslc-in-viewport-anim-none  dslc-col dslc-12-col  dslc-module-handle-like-regular \" data-module-id=\"64\" data-module=\"DSLC_Text_Simple\" data-dslc-module-size=\"12\" data-dslc-anim=\"none\" data-dslc-anim-delay=\"0\" data-dslc-anim-duration=\"650\"  data-dslc-anim-easing=\"ease\" data-dslc-preset=\"none\" >\r\n\r\n\t\t\t\r\n\t\t\t\r\n\t\t\n\t\t<div class=\"dslc-text-module-content\">\n\t\t\t<p><strong>Revista Projeto n\u00ba 321<\/strong><br> novembro&nbsp;2006<\/p><p><strong>Painel Mutinga<\/strong><br> Barueri, SP<br> <img class=\"alignnone wp-image-215\" src=\"http:\/\/hal.arq.br\/intro\/wp-content\/uploads\/2016\/07\/09110006-300x206.jpg\" alt=\"09110006\" width=\"150\" height=\"103\"><\/p>\t\t<\/div>\n\n\t\t\r\n\t\t\t\t<\/div><!-- .dslc-module -->\r\n\t\t<\/div> <div  class=\"dslc-modules-area dslc-col dslc-6-col dslc-first-col\" data-size=\"6\" data-valign=\"\" data-modules-area-id=\"\" ><style type=\"text\/css\" id=\"dslca-modules-area-\"><\/style>\r\n\t\t<div id=\"dslc-module-65\" class=\"dslc-module-front dslc-module-DSLC_Image dslc-in-viewport-check dslc-in-viewport-anim-none  dslc-col dslc-12-col  dslc-module-handle-like-regular \" data-module-id=\"65\" data-module=\"DSLC_Image\" data-dslc-module-size=\"12\" data-dslc-anim=\"none\" data-dslc-anim-delay=\"0\" data-dslc-anim-duration=\"650\"  data-dslc-anim-easing=\"ease\" data-dslc-preset=\"none\" >\r\n\r\n\t\t\t\r\n\t\t\t\r\n\t\t\t\t<div class=\"dslc-image-container\">\r\n\t\t<div class=\"dslc-image\">\r\n\r\n\t\t\t\r\n\t\t\t\t\r\n\t\t\t\t\t\t\t\t\t<img src=\"https:\/\/hal.arq.br\/intro\/wp-content\/uploads\/2016\/07\/Publica\u00e7\u00f5es0010-1.jpg\" alt=\"\" title=\"\" srcset=\"https:\/\/hal.arq.br\/intro\/wp-content\/uploads\/2016\/07\/Publica\u00e7\u00f5es0010-1.jpg 819w, https:\/\/hal.arq.br\/intro\/wp-content\/uploads\/2016\/07\/Publica\u00e7\u00f5es0010-1-233x300.jpg 233w, https:\/\/hal.arq.br\/intro\/wp-content\/uploads\/2016\/07\/Publica\u00e7\u00f5es0010-1-768x990.jpg 768w, https:\/\/hal.arq.br\/intro\/wp-content\/uploads\/2016\/07\/Publica\u00e7\u00f5es0010-1-794x1024.jpg 794w\" sizes=\"(max-width: 819px) 100vw, 819px\" \/>\r\n\t\t\t\t\r\n\t\t\t\t\t\t\t\t\t<\/div><!-- .dslc-image -->\r\n\t\t<\/div>\r\n\t\t\r\n\t\t\t\t<\/div><!-- .dslc-module -->\r\n\t\t<\/div> <div  class=\"dslc-modules-area dslc-col dslc-6-col dslc-last-col\" data-size=\"6\" data-valign=\"\" data-modules-area-id=\"\" ><style type=\"text\/css\" id=\"dslca-modules-area-\"><\/style>\r\n\t\t<div id=\"dslc-module-62\" class=\"dslc-module-front dslc-module-DSLC_Text_Simple dslc-in-viewport-check dslc-in-viewport-anim-none  dslc-col dslc-12-col  dslc-module-handle-like-regular \" data-module-id=\"62\" data-module=\"DSLC_Text_Simple\" data-dslc-module-size=\"12\" data-dslc-anim=\"none\" data-dslc-anim-delay=\"0\" data-dslc-anim-duration=\"650\"  data-dslc-anim-easing=\"ease\" data-dslc-preset=\"none\" >\r\n\r\n\t\t\t\r\n\t\t\t\r\n\t\t\n\t\t<div class=\"dslc-text-module-content\">\n\t\t\t<p><strong>Revista Projeto n\u00ba 307<\/strong><br> setembro&nbsp;2005<\/p><p><strong>Concurso Sede Petrobr\u00e1s&nbsp;<\/strong><br> Vitoria, ES<br> <img class=\"alignnone wp-image-214\" src=\"http:\/\/hal.arq.br\/intro\/wp-content\/uploads\/2016\/07\/inst115_02_16-300x221.jpg\" alt=\"inst115_02_16\" width=\"136\" height=\"100\"><br> <strong>Escola Ivaldo Bertazzo<\/strong><br> S\u00e3o Paulo, SP<br> <img class=\"alignnone wp-image-216\" src=\"http:\/\/hal.arq.br\/intro\/wp-content\/uploads\/2016\/07\/COR01-237x300.jpg\" alt=\"COR01\" width=\"111\" height=\"140\"><\/p>\t\t<\/div>\n\n\t\t\r\n\t\t\t\t<\/div><!-- .dslc-module -->\r\n\t\t<\/div> <div  class=\"dslc-modules-area dslc-col dslc-6-col dslc-first-col\" data-size=\"6\" data-valign=\"\" data-modules-area-id=\"\" ><style type=\"text\/css\" id=\"dslca-modules-area-\"><\/style>\r\n\t\t<div id=\"dslc-module-71\" class=\"dslc-module-front dslc-module-DSLC_Image dslc-in-viewport-check dslc-in-viewport-anim-none  dslc-col dslc-12-col  dslc-module-handle-like-regular \" data-module-id=\"71\" data-module=\"DSLC_Image\" data-dslc-module-size=\"12\" data-dslc-anim=\"none\" data-dslc-anim-delay=\"0\" data-dslc-anim-duration=\"650\"  data-dslc-anim-easing=\"ease\" data-dslc-preset=\"none\" >\r\n\r\n\t\t\t\r\n\t\t\t\r\n\t\t\t\t<div class=\"dslc-image-container\">\r\n\t\t<div class=\"dslc-image\">\r\n\r\n\t\t\t\r\n\t\t\t\t\r\n\t\t\t\t\t\t\t\t\t<img src=\"https:\/\/hal.arq.br\/intro\/wp-content\/uploads\/2016\/07\/publica\u00e7\u00f5es0376-1.jpg\" alt=\"\" title=\"\" srcset=\"https:\/\/hal.arq.br\/intro\/wp-content\/uploads\/2016\/07\/publica\u00e7\u00f5es0376-1.jpg 810w, https:\/\/hal.arq.br\/intro\/wp-content\/uploads\/2016\/07\/publica\u00e7\u00f5es0376-1-231x300.jpg 231w, https:\/\/hal.arq.br\/intro\/wp-content\/uploads\/2016\/07\/publica\u00e7\u00f5es0376-1-768x997.jpg 768w, https:\/\/hal.arq.br\/intro\/wp-content\/uploads\/2016\/07\/publica\u00e7\u00f5es0376-1-789x1024.jpg 789w\" sizes=\"(max-width: 810px) 100vw, 810px\" \/>\r\n\t\t\t\t\r\n\t\t\t\t\t\t\t\t\t<\/div><!-- .dslc-image -->\r\n\t\t<\/div>\r\n\t\t\r\n\t\t\t\t<\/div><!-- .dslc-module -->\r\n\t\t<\/div> <div  class=\"dslc-modules-area dslc-col dslc-6-col dslc-last-col\" data-size=\"6\" data-valign=\"\" data-modules-area-id=\"\" ><style type=\"text\/css\" id=\"dslca-modules-area-\"><\/style>\r\n\t\t<div id=\"dslc-module-72\" class=\"dslc-module-front dslc-module-DSLC_Text_Simple dslc-in-viewport-check dslc-in-viewport-anim-none  dslc-col dslc-12-col  dslc-module-handle-like-regular \" data-module-id=\"72\" data-module=\"DSLC_Text_Simple\" data-dslc-module-size=\"12\" data-dslc-anim=\"none\" data-dslc-anim-delay=\"0\" data-dslc-anim-duration=\"650\"  data-dslc-anim-easing=\"ease\" data-dslc-preset=\"none\" >\r\n\r\n\t\t\t\r\n\t\t\t\r\n\t\t\n\t\t<div class=\"dslc-text-module-content\">\n\t\t\t<p><strong>Revista Projeto n\u00ba&nbsp;291<\/strong><br> maio&nbsp;2004<\/p><p><strong>Habitasampa Assembleia<\/strong><br> S\u00e3o Paulo, SP<br> <strong><img class=\"alignnone wp-image-220\" src=\"http:\/\/hal.arq.br\/intro\/wp-content\/uploads\/2016\/07\/0001-copy-1-300x232.jpg\" alt=\"0001 copy\" width=\"150\" height=\"116\"><\/strong><\/p><p>&nbsp;<\/p>\t\t<\/div>\n\n\t\t\r\n\t\t\t\t<\/div><!-- .dslc-module -->\r\n\t\t<\/div> <div  class=\"dslc-modules-area dslc-col dslc-6-col dslc-first-col\" data-size=\"6\" data-valign=\"\" data-modules-area-id=\"\" ><style type=\"text\/css\" id=\"dslca-modules-area-\"><\/style>\r\n\t\t<div id=\"dslc-module-100\" class=\"dslc-module-front dslc-module-DSLC_Image dslc-in-viewport-check dslc-in-viewport-anim-none  dslc-col dslc-12-col  dslc-module-handle-like-regular \" data-module-id=\"100\" data-module=\"DSLC_Image\" data-dslc-module-size=\"12\" data-dslc-anim=\"none\" data-dslc-anim-delay=\"0\" data-dslc-anim-duration=\"650\"  data-dslc-anim-easing=\"ease\" data-dslc-preset=\"none\" >\r\n\r\n\t\t\t\r\n\t\t\t\r\n\t\t\t\t<div class=\"dslc-image-container\">\r\n\t\t<div class=\"dslc-image\">\r\n\r\n\t\t\t\r\n\t\t\t\t\r\n\t\t\t\t\t\t\t\t\t<img src=\"https:\/\/hal.arq.br\/intro\/wp-content\/uploads\/2016\/07\/publica\u00e7\u00f5es0044-1.jpg\" alt=\"\" title=\"\" srcset=\"https:\/\/hal.arq.br\/intro\/wp-content\/uploads\/2016\/07\/publica\u00e7\u00f5es0044-1.jpg 815w, https:\/\/hal.arq.br\/intro\/wp-content\/uploads\/2016\/07\/publica\u00e7\u00f5es0044-1-296x300.jpg 296w, https:\/\/hal.arq.br\/intro\/wp-content\/uploads\/2016\/07\/publica\u00e7\u00f5es0044-1-768x777.jpg 768w\" sizes=\"(max-width: 815px) 100vw, 815px\" \/>\r\n\t\t\t\t\r\n\t\t\t\t\t\t\t\t\t<\/div><!-- .dslc-image -->\r\n\t\t<\/div>\r\n\t\t\r\n\t\t\t\t<\/div><!-- .dslc-module -->\r\n\t\t<\/div> <div  class=\"dslc-modules-area dslc-col dslc-6-col dslc-last-col\" data-size=\"6\" data-valign=\"\" data-modules-area-id=\"\" ><style type=\"text\/css\" id=\"dslca-modules-area-\"><\/style>\r\n\t\t<div id=\"dslc-module-108\" class=\"dslc-module-front dslc-module-DSLC_Text_Simple dslc-in-viewport-check dslc-in-viewport-anim-none  dslc-col dslc-12-col  dslc-module-handle-like-regular \" data-module-id=\"108\" data-module=\"DSLC_Text_Simple\" data-dslc-module-size=\"12\" data-dslc-anim=\"none\" data-dslc-anim-delay=\"0\" data-dslc-anim-duration=\"650\"  data-dslc-anim-easing=\"ease\" data-dslc-preset=\"none\" >\r\n\r\n\t\t\t\r\n\t\t\t\r\n\t\t\n\t\t<div class=\"dslc-text-module-content\">\n\t\t\t<p><strong>Publica\u00e7\u00e3o PMSP<\/strong><br> maio&nbsp;2004<\/p><p><strong>Habitasampa Assembleia<\/strong><br> S\u00e3o Paulo, SP<br> <strong><img class=\"alignnone wp-image-220\" src=\"http:\/\/hal.arq.br\/intro\/wp-content\/uploads\/2016\/07\/0001-copy-1-300x232.jpg\" alt=\"0001 copy\" width=\"150\" height=\"116\"><\/strong><\/p><p>&nbsp;<\/p>\t\t<\/div>\n\n\t\t\r\n\t\t\t\t<\/div><!-- .dslc-module -->\r\n\t\t<\/div> <div  class=\"dslc-modules-area dslc-col dslc-6-col dslc-first-col\" data-size=\"6\" data-valign=\"\" data-modules-area-id=\"\" ><style type=\"text\/css\" id=\"dslca-modules-area-\"><\/style>\r\n\t\t<div id=\"dslc-module-102\" class=\"dslc-module-front dslc-module-DSLC_Image dslc-in-viewport-check dslc-in-viewport-anim-none  dslc-col dslc-12-col  dslc-module-handle-like-regular \" data-module-id=\"102\" data-module=\"DSLC_Image\" data-dslc-module-size=\"12\" data-dslc-anim=\"none\" data-dslc-anim-delay=\"0\" data-dslc-anim-duration=\"650\"  data-dslc-anim-easing=\"ease\" data-dslc-preset=\"none\" >\r\n\r\n\t\t\t\r\n\t\t\t\r\n\t\t\t\t<div class=\"dslc-image-container\">\r\n\t\t<div class=\"dslc-image\">\r\n\r\n\t\t\t\r\n\t\t\t\t\r\n\t\t\t\t\t\t\t\t\t<img src=\"https:\/\/hal.arq.br\/intro\/wp-content\/uploads\/2016\/07\/publica\u00e7\u00f5es0047.jpg\" alt=\"\" title=\"\" srcset=\"https:\/\/hal.arq.br\/intro\/wp-content\/uploads\/2016\/07\/publica\u00e7\u00f5es0047.jpg 2560w, https:\/\/hal.arq.br\/intro\/wp-content\/uploads\/2016\/07\/publica\u00e7\u00f5es0047-293x300.jpg 293w, https:\/\/hal.arq.br\/intro\/wp-content\/uploads\/2016\/07\/publica\u00e7\u00f5es0047-768x786.jpg 768w, https:\/\/hal.arq.br\/intro\/wp-content\/uploads\/2016\/07\/publica\u00e7\u00f5es0047-1001x1024.jpg 1001w\" sizes=\"(max-width: 2560px) 100vw, 2560px\" \/>\r\n\t\t\t\t\r\n\t\t\t\t\t\t\t\t\t<\/div><!-- .dslc-image -->\r\n\t\t<\/div>\r\n\t\t\r\n\t\t\t\t<\/div><!-- .dslc-module -->\r\n\t\t<\/div> <div  class=\"dslc-modules-area dslc-col dslc-6-col dslc-last-col\" data-size=\"6\" data-valign=\"\" data-modules-area-id=\"\" ><style type=\"text\/css\" id=\"dslca-modules-area-\"><\/style>\r\n\t\t<div id=\"dslc-module-104\" class=\"dslc-module-front dslc-module-DSLC_Text_Simple dslc-in-viewport-check dslc-in-viewport-anim-none  dslc-col dslc-12-col  dslc-module-handle-like-regular \" data-module-id=\"104\" data-module=\"DSLC_Text_Simple\" data-dslc-module-size=\"12\" data-dslc-anim=\"none\" data-dslc-anim-delay=\"0\" data-dslc-anim-duration=\"650\"  data-dslc-anim-easing=\"ease\" data-dslc-preset=\"none\" >\r\n\r\n\t\t\t\r\n\t\t\t\r\n\t\t\n\t\t<div class=\"dslc-text-module-content\">\n\t\t\t<p><strong>Revista Projeto n\u00ba&nbsp;291<\/strong><br> maio&nbsp;2004<\/p><p><strong>Habitasampa Assembleia<\/strong><br> S\u00e3o Paulo, SP<br> <strong><img class=\"alignnone wp-image-220\" src=\"http:\/\/hal.arq.br\/intro\/wp-content\/uploads\/2016\/07\/0001-copy-1-300x232.jpg\" alt=\"0001 copy\" width=\"150\" height=\"116\"><\/strong><\/p><p>&nbsp;<\/p>\t\t<\/div>\n\n\t\t\r\n\t\t\t\t<\/div><!-- .dslc-module -->\r\n\t\t<\/div> <div  class=\"dslc-modules-area dslc-col dslc-6-col dslc-first-col\" data-size=\"6\" data-valign=\"\" data-modules-area-id=\"\" ><style type=\"text\/css\" id=\"dslca-modules-area-\"><\/style>\r\n\t\t<div id=\"dslc-module-110\" class=\"dslc-module-front dslc-module-DSLC_Image dslc-in-viewport-check dslc-in-viewport-anim-none  dslc-col dslc-12-col  dslc-module-handle-like-regular \" data-module-id=\"110\" data-module=\"DSLC_Image\" data-dslc-module-size=\"12\" data-dslc-anim=\"none\" data-dslc-anim-delay=\"0\" data-dslc-anim-duration=\"650\"  data-dslc-anim-easing=\"ease\" data-dslc-preset=\"none\" >\r\n\r\n\t\t\t\r\n\t\t\t\r\n\t\t\t\t<div class=\"dslc-image-container\">\r\n\t\t<div class=\"dslc-image\">\r\n\r\n\t\t\t\r\n\t\t\t\t\r\n\t\t\t\t\t\t\t\t\t<img src=\"https:\/\/hal.arq.br\/intro\/wp-content\/uploads\/2016\/07\/publica\u00e7\u00f5es0041-1.jpg\" alt=\"\" title=\"\" srcset=\"https:\/\/hal.arq.br\/intro\/wp-content\/uploads\/2016\/07\/publica\u00e7\u00f5es0041-1.jpg 788w, https:\/\/hal.arq.br\/intro\/wp-content\/uploads\/2016\/07\/publica\u00e7\u00f5es0041-1-150x150.jpg 150w, https:\/\/hal.arq.br\/intro\/wp-content\/uploads\/2016\/07\/publica\u00e7\u00f5es0041-1-300x298.jpg 300w, https:\/\/hal.arq.br\/intro\/wp-content\/uploads\/2016\/07\/publica\u00e7\u00f5es0041-1-768x764.jpg 768w, https:\/\/hal.arq.br\/intro\/wp-content\/uploads\/2016\/07\/publica\u00e7\u00f5es0041-1-250x250.jpg 250w, https:\/\/hal.arq.br\/intro\/wp-content\/uploads\/2016\/07\/publica\u00e7\u00f5es0041-1-174x174.jpg 174w\" sizes=\"(max-width: 788px) 100vw, 788px\" \/>\r\n\t\t\t\t\r\n\t\t\t\t\t\t\t\t\t<\/div><!-- .dslc-image -->\r\n\t\t<\/div>\r\n\t\t\r\n\t\t\t\t<\/div><!-- .dslc-module -->\r\n\t\t<\/div> <div  class=\"dslc-modules-area dslc-col dslc-6-col dslc-last-col\" data-size=\"6\" data-valign=\"\" data-modules-area-id=\"\" ><style type=\"text\/css\" id=\"dslca-modules-area-\"><\/style>\r\n\t\t<div id=\"dslc-module-109\" class=\"dslc-module-front dslc-module-DSLC_Text_Simple dslc-in-viewport-check dslc-in-viewport-anim-none  dslc-col dslc-12-col  dslc-module-handle-like-regular \" data-module-id=\"109\" data-module=\"DSLC_Text_Simple\" data-dslc-module-size=\"12\" data-dslc-anim=\"none\" data-dslc-anim-delay=\"0\" data-dslc-anim-duration=\"650\"  data-dslc-anim-easing=\"ease\" data-dslc-preset=\"none\" >\r\n\r\n\t\t\t\r\n\t\t\t\r\n\t\t\n\t\t<div class=\"dslc-text-module-content\">\n\t\t\t<p><strong>COLETIVO<\/strong><\/p><p>&nbsp;<\/p>\t\t<\/div>\n\n\t\t\r\n\t\t\t\t<\/div><!-- .dslc-module -->\r\n\t\t<\/div> <div  class=\"dslc-modules-area dslc-col dslc-6-col dslc-first-col\" data-size=\"6\" data-valign=\"\" data-modules-area-id=\"\" ><style type=\"text\/css\" id=\"dslca-modules-area-\"><\/style>\r\n\t\t<div id=\"dslc-module-113\" class=\"dslc-module-front dslc-module-DSLC_Image dslc-in-viewport-check dslc-in-viewport-anim-none  dslc-col dslc-12-col  dslc-module-handle-like-regular \" data-module-id=\"113\" data-module=\"DSLC_Image\" data-dslc-module-size=\"12\" data-dslc-anim=\"none\" data-dslc-anim-delay=\"0\" data-dslc-anim-duration=\"650\"  data-dslc-anim-easing=\"ease\" data-dslc-preset=\"none\" >\r\n\r\n\t\t\t\r\n\t\t\t\r\n\t\t\t\t<div class=\"dslc-image-container\">\r\n\t\t<div class=\"dslc-image\">\r\n\r\n\t\t\t\r\n\t\t\t\t\r\n\t\t\t\t\t\t\t\t\t<img src=\"https:\/\/hal.arq.br\/intro\/wp-content\/uploads\/2016\/07\/publica\u00e7\u00f5es0025-1.jpg\" alt=\"\" title=\"\" srcset=\"https:\/\/hal.arq.br\/intro\/wp-content\/uploads\/2016\/07\/publica\u00e7\u00f5es0025-1.jpg 815w, https:\/\/hal.arq.br\/intro\/wp-content\/uploads\/2016\/07\/publica\u00e7\u00f5es0025-1-230x300.jpg 230w, https:\/\/hal.arq.br\/intro\/wp-content\/uploads\/2016\/07\/publica\u00e7\u00f5es0025-1-768x1004.jpg 768w, https:\/\/hal.arq.br\/intro\/wp-content\/uploads\/2016\/07\/publica\u00e7\u00f5es0025-1-784x1024.jpg 784w\" sizes=\"(max-width: 815px) 100vw, 815px\" \/>\r\n\t\t\t\t\r\n\t\t\t\t\t\t\t\t\t<\/div><!-- .dslc-image -->\r\n\t\t<\/div>\r\n\t\t\r\n\t\t\t\t<\/div><!-- .dslc-module -->\r\n\t\t<\/div> <div  class=\"dslc-modules-area dslc-col dslc-6-col dslc-last-col\" data-size=\"6\" data-valign=\"\" data-modules-area-id=\"\" ><style type=\"text\/css\" id=\"dslca-modules-area-\"><\/style>\r\n\t\t<div id=\"dslc-module-114\" class=\"dslc-module-front dslc-module-DSLC_Text_Simple dslc-in-viewport-check dslc-in-viewport-anim-none  dslc-col dslc-12-col  dslc-module-handle-like-regular \" data-module-id=\"114\" data-module=\"DSLC_Text_Simple\" data-dslc-module-size=\"12\" data-dslc-anim=\"none\" data-dslc-anim-delay=\"0\" data-dslc-anim-duration=\"650\"  data-dslc-anim-easing=\"ease\" data-dslc-preset=\"none\" >\r\n\r\n\t\t\t\r\n\t\t\t\r\n\t\t\n\t\t<div class=\"dslc-text-module-content\">\n\t\t\t<p><strong>Revista Projeto n\u00ba289<\/strong><br> mar\u00e7o&nbsp;2004<\/p><p><strong>Concurso SANASA<\/strong><br> Campinas, SP<br> <img class=\"alignnone wp-image-238\" src=\"http:\/\/hal.arq.br\/intro\/wp-content\/uploads\/2016\/07\/07303_fot_04-300x190.jpg\" alt=\"07303_fot_04\" width=\"150\" height=\"95\"><\/p><p>&nbsp;<\/p>\t\t<\/div>\n\n\t\t\r\n\t\t\t\t<\/div><!-- .dslc-module -->\r\n\t\t<\/div> <div  class=\"dslc-modules-area dslc-col dslc-6-col dslc-first-col\" data-size=\"6\" data-valign=\"\" data-modules-area-id=\"\" ><style type=\"text\/css\" id=\"dslca-modules-area-\"><\/style>\r\n\t\t<div id=\"dslc-module-111\" class=\"dslc-module-front dslc-module-DSLC_Image dslc-in-viewport-check dslc-in-viewport-anim-none  dslc-col dslc-12-col  dslc-module-handle-like-regular \" data-module-id=\"111\" data-module=\"DSLC_Image\" data-dslc-module-size=\"12\" data-dslc-anim=\"none\" data-dslc-anim-delay=\"0\" data-dslc-anim-duration=\"650\"  data-dslc-anim-easing=\"ease\" data-dslc-preset=\"none\" >\r\n\r\n\t\t\t\r\n\t\t\t\r\n\t\t\t\t<div class=\"dslc-image-container\">\r\n\t\t<div class=\"dslc-image\">\r\n\r\n\t\t\t\r\n\t\t\t\t\r\n\t\t\t\t\t\t\t\t\t<img src=\"https:\/\/hal.arq.br\/intro\/wp-content\/uploads\/2016\/07\/publica\u00e7\u00f5es0027-1.jpg\" alt=\"\" title=\"\" srcset=\"https:\/\/hal.arq.br\/intro\/wp-content\/uploads\/2016\/07\/publica\u00e7\u00f5es0027-1.jpg 810w, https:\/\/hal.arq.br\/intro\/wp-content\/uploads\/2016\/07\/publica\u00e7\u00f5es0027-1-227x300.jpg 227w, https:\/\/hal.arq.br\/intro\/wp-content\/uploads\/2016\/07\/publica\u00e7\u00f5es0027-1-768x1015.jpg 768w, https:\/\/hal.arq.br\/intro\/wp-content\/uploads\/2016\/07\/publica\u00e7\u00f5es0027-1-775x1024.jpg 775w\" sizes=\"(max-width: 810px) 100vw, 810px\" \/>\r\n\t\t\t\t\r\n\t\t\t\t\t\t\t\t\t<\/div><!-- .dslc-image -->\r\n\t\t<\/div>\r\n\t\t\r\n\t\t\t\t<\/div><!-- .dslc-module -->\r\n\t\t<\/div> <div  class=\"dslc-modules-area dslc-col dslc-6-col dslc-last-col\" data-size=\"6\" data-valign=\"\" data-modules-area-id=\"\" ><style type=\"text\/css\" id=\"dslca-modules-area-\"><\/style>\r\n\t\t<div id=\"dslc-module-112\" class=\"dslc-module-front dslc-module-DSLC_Text_Simple dslc-in-viewport-check dslc-in-viewport-anim-none  dslc-col dslc-12-col  dslc-module-handle-like-regular \" data-module-id=\"112\" data-module=\"DSLC_Text_Simple\" data-dslc-module-size=\"12\" data-dslc-anim=\"none\" data-dslc-anim-delay=\"0\" data-dslc-anim-duration=\"650\"  data-dslc-anim-easing=\"ease\" data-dslc-preset=\"none\" >\r\n\r\n\t\t\t\r\n\t\t\t\r\n\t\t\n\t\t<div class=\"dslc-text-module-content\">\n\t\t\t<p><strong>Revista Projeto n\u00ba284<\/strong><br> outubro&nbsp;2003<\/p><p><strong>CEU Jambeiro<\/strong><br> S\u00e3o Paulo, SP<br> <img class=\"alignnone wp-image-236\" src=\"http:\/\/hal.arq.br\/intro\/wp-content\/uploads\/2016\/07\/3733_1423066237-300x174.jpg\" alt=\"3733_1423066237\" width=\"150\" height=\"87\"><\/p><p>&nbsp;<\/p>\t\t<\/div>\n\n\t\t\r\n\t\t\t\t<\/div><!-- .dslc-module -->\r\n\t\t<\/div> <div  class=\"dslc-modules-area dslc-col dslc-6-col dslc-first-col\" data-size=\"6\" data-valign=\"\" data-modules-area-id=\"\" ><style type=\"text\/css\" id=\"dslca-modules-area-\"><\/style>\r\n\t\t<div id=\"dslc-module-115\" class=\"dslc-module-front dslc-module-DSLC_Image dslc-in-viewport-check dslc-in-viewport-anim-none  dslc-col dslc-12-col  dslc-module-handle-like-regular \" data-module-id=\"115\" data-module=\"DSLC_Image\" data-dslc-module-size=\"12\" data-dslc-anim=\"none\" data-dslc-anim-delay=\"0\" data-dslc-anim-duration=\"650\"  data-dslc-anim-easing=\"ease\" data-dslc-preset=\"none\" >\r\n\r\n\t\t\t\r\n\t\t\t\r\n\t\t\t\t<div class=\"dslc-image-container\">\r\n\t\t<div class=\"dslc-image\">\r\n\r\n\t\t\t\r\n\t\t\t\t\r\n\t\t\t\t\t\t\t\t\t<img src=\"https:\/\/hal.arq.br\/intro\/wp-content\/uploads\/2016\/07\/publica\u00e7\u00f5es0023-1.jpg\" alt=\"\" title=\"\" srcset=\"https:\/\/hal.arq.br\/intro\/wp-content\/uploads\/2016\/07\/publica\u00e7\u00f5es0023-1.jpg 805w, https:\/\/hal.arq.br\/intro\/wp-content\/uploads\/2016\/07\/publica\u00e7\u00f5es0023-1-228x300.jpg 228w, https:\/\/hal.arq.br\/intro\/wp-content\/uploads\/2016\/07\/publica\u00e7\u00f5es0023-1-768x1012.jpg 768w, https:\/\/hal.arq.br\/intro\/wp-content\/uploads\/2016\/07\/publica\u00e7\u00f5es0023-1-777x1024.jpg 777w\" sizes=\"(max-width: 805px) 100vw, 805px\" \/>\r\n\t\t\t\t\r\n\t\t\t\t\t\t\t\t\t<\/div><!-- .dslc-image -->\r\n\t\t<\/div>\r\n\t\t\r\n\t\t\t\t<\/div><!-- .dslc-module -->\r\n\t\t<\/div> <div  class=\"dslc-modules-area dslc-col dslc-6-col dslc-last-col\" data-size=\"6\" data-valign=\"\" data-modules-area-id=\"\" ><style type=\"text\/css\" id=\"dslca-modules-area-\"><\/style>\r\n\t\t<div id=\"dslc-module-116\" class=\"dslc-module-front dslc-module-DSLC_Text_Simple dslc-in-viewport-check dslc-in-viewport-anim-none  dslc-col dslc-12-col  dslc-module-handle-like-regular \" data-module-id=\"116\" data-module=\"DSLC_Text_Simple\" data-dslc-module-size=\"12\" data-dslc-anim=\"none\" data-dslc-anim-delay=\"0\" data-dslc-anim-duration=\"650\"  data-dslc-anim-easing=\"ease\" data-dslc-preset=\"none\" >\r\n\r\n\t\t\t\r\n\t\t\t\r\n\t\t\n\t\t<div class=\"dslc-text-module-content\">\n\t\t\t<p><strong>Revista Projeto n\u00ba269<\/strong><br> julho 2002<\/p><p><strong>Casa de H\u00f3spedes<\/strong><br> Bragan\u00e7a Paulista, SP<br> <img class=\"alignnone wp-image-241\" src=\"http:\/\/hal.arq.br\/intro\/wp-content\/uploads\/2016\/07\/08204_maq_01_p-300x150.jpg\" alt=\"08204_maq_01_p\" width=\"150\" height=\"75\"><\/p><p>&nbsp;<\/p>\t\t<\/div>\n\n\t\t\r\n\t\t\t\t<\/div><!-- .dslc-module -->\r\n\t\t<\/div> <div  class=\"dslc-modules-area dslc-col dslc-6-col dslc-first-col\" data-size=\"6\" data-valign=\"\" data-modules-area-id=\"\" ><style type=\"text\/css\" id=\"dslca-modules-area-\"><\/style>\r\n\t\t<div id=\"dslc-module-117\" class=\"dslc-module-front dslc-module-DSLC_Image dslc-in-viewport-check dslc-in-viewport-anim-none  dslc-col dslc-12-col  dslc-module-handle-like-regular \" data-module-id=\"117\" data-module=\"DSLC_Image\" data-dslc-module-size=\"12\" data-dslc-anim=\"none\" data-dslc-anim-delay=\"0\" data-dslc-anim-duration=\"650\"  data-dslc-anim-easing=\"ease\" data-dslc-preset=\"none\" >\r\n\r\n\t\t\t\r\n\t\t\t\r\n\t\t\t\t<div class=\"dslc-image-container\">\r\n\t\t<div class=\"dslc-image\">\r\n\r\n\t\t\t\r\n\t\t\t\t\r\n\t\t\t\t\t\t\t\t\t<img src=\"https:\/\/hal.arq.br\/intro\/wp-content\/uploads\/2016\/07\/publica\u00e7\u00f5es0008-2.jpg\" alt=\"\" title=\"\" srcset=\"https:\/\/hal.arq.br\/intro\/wp-content\/uploads\/2016\/07\/publica\u00e7\u00f5es0008-2.jpg 819w, https:\/\/hal.arq.br\/intro\/wp-content\/uploads\/2016\/07\/publica\u00e7\u00f5es0008-2-231x300.jpg 231w, https:\/\/hal.arq.br\/intro\/wp-content\/uploads\/2016\/07\/publica\u00e7\u00f5es0008-2-768x999.jpg 768w, https:\/\/hal.arq.br\/intro\/wp-content\/uploads\/2016\/07\/publica\u00e7\u00f5es0008-2-787x1024.jpg 787w\" sizes=\"(max-width: 819px) 100vw, 819px\" \/>\r\n\t\t\t\t\r\n\t\t\t\t\t\t\t\t\t<\/div><!-- .dslc-image -->\r\n\t\t<\/div>\r\n\t\t\r\n\t\t\t\t<\/div><!-- .dslc-module -->\r\n\t\t<\/div> <div  class=\"dslc-modules-area dslc-col dslc-6-col dslc-last-col\" data-size=\"6\" data-valign=\"\" data-modules-area-id=\"\" ><style type=\"text\/css\" id=\"dslca-modules-area-\"><\/style>\r\n\t\t<div id=\"dslc-module-118\" class=\"dslc-module-front dslc-module-DSLC_Text_Simple dslc-in-viewport-check dslc-in-viewport-anim-none  dslc-col dslc-12-col  dslc-module-handle-like-regular \" data-module-id=\"118\" data-module=\"DSLC_Text_Simple\" data-dslc-module-size=\"12\" data-dslc-anim=\"none\" data-dslc-anim-delay=\"0\" data-dslc-anim-duration=\"650\"  data-dslc-anim-easing=\"ease\" data-dslc-preset=\"none\" >\r\n\r\n\t\t\t\r\n\t\t\t\r\n\t\t\n\t\t<div class=\"dslc-text-module-content\">\n\t\t\t<p><strong>Revista Projeto n\u00ba244<\/strong><br> junho 2000<\/p><p><strong>Edif\u00edco Santa Adelaide<\/strong><br> S\u00e3o Bernardo do Campo, SP<br> <img class=\"alignnone wp-image-210\" src=\"http:\/\/hal.arq.br\/intro\/wp-content\/uploads\/2016\/07\/ade_02-267x300.jpg\" alt=\"ade_02\" width=\"134\" height=\"150\"><\/p><p>&nbsp;<\/p>\t\t<\/div>\n\n\t\t\r\n\t\t\t\t<\/div><!-- .dslc-module -->\r\n\t\t<\/div> <\/div><\/div> \r\n\t\t\t<div  class=\"dslc-modules-section \" style=\"\" data-section-id=\"\">\r\n\t\t\t\t\r\n\t\t\t\t\r\n\t\t\t\t<div class=\"dslc-modules-section-wrapper dslc-clearfix\"> <div  class=\"dslc-modules-area dslc-col dslc-12-col dslc-last-col\" data-size=\"12\" data-valign=\"\" data-modules-area-id=\"\" ><style type=\"text\/css\" id=\"dslca-modules-area-\"><\/style><\/div> <\/div><\/div> <\/div><\/div>","protected":false},"excerpt":{"rendered":"<p>AU n\u00ba 187 outubro&nbsp;2009Pra\u00e7a Lageado S\u00e3o Paulo, SP Revista Projeto n\u00ba 353 julho 2009Edif\u00edcio Santa Adelaide S\u00e3o Bernardo, SP Revista Projeto n\u00ba 348 fevereiro&nbsp;2009Escola Santa Em\u00edlia Guarulhos, SP Boletim IAB&nbsp;n\u00ba&nbsp;64 fev\/mar&nbsp;2009Escola Santa Em\u00edlia Guarulhos, SP Arch +&nbsp;n\u00ba 190 dezembro&nbsp;2008Edif\u00edcio Santa Adelaide S\u00e3o Bernardo, SP Revista Morar agosto&nbsp;2007Edif\u00edcio Santa Adelaide S\u00e3o Bernardo, SP Boletim IAB&nbsp;n\u00ba&nbsp;59 jul-set&nbsp;2007Edif\u00edcio<\/p>\n","protected":false},"author":2,"featured_media":0,"parent":0,"menu_order":0,"comment_status":"closed","ping_status":"closed","template":"template-fullwidth.php","meta":{"footnotes":""},"class_list":["post-31","page","type-page","status-publish","hentry"],"_links":{"self":[{"href":"https:\/\/hal.arq.br\/intro\/wp-json\/wp\/v2\/pages\/31","targetHints":{"allow":["GET"]}}],"collection":[{"href":"https:\/\/hal.arq.br\/intro\/wp-json\/wp\/v2\/pages"}],"about":[{"href":"https:\/\/hal.arq.br\/intro\/wp-json\/wp\/v2\/types\/page"}],"author":[{"embeddable":true,"href":"https:\/\/hal.arq.br\/intro\/wp-json\/wp\/v2\/users\/2"}],"replies":[{"embeddable":true,"href":"https:\/\/hal.arq.br\/intro\/wp-json\/wp\/v2\/comments?post=31"}],"version-history":[{"count":4,"href":"https:\/\/hal.arq.br\/intro\/wp-json\/wp\/v2\/pages\/31\/revisions"}],"predecessor-version":[{"id":204,"href":"https:\/\/hal.arq.br\/intro\/wp-json\/wp\/v2\/pages\/31\/revisions\/204"}],"wp:attachment":[{"href":"https:\/\/hal.arq.br\/intro\/wp-json\/wp\/v2\/media?parent=31"}],"curies":[{"name":"wp","href":"https:\/\/api.w.org\/{rel}","templated":true}]}}